{"id":3207,"date":"2024-12-15T17:06:16","date_gmt":"2024-12-15T15:06:16","guid":{"rendered":"https:\/\/santosinurrieta.com\/erakusketa\/"},"modified":"2025-03-02T13:57:29","modified_gmt":"2025-03-02T11:57:29","slug":"erakusketa","status":"publish","type":"page","link":"https:\/\/santosinurrieta.com\/eu\/erakusketa\/","title":{"rendered":"Erakusketa"},"content":{"rendered":"<div class=\"wpb-content-wrapper\">[vc_section full_height=&#8221;yes&#8221; css=&#8221;.vc_custom_1734275155100{padding-top: 50px !important;padding-bottom: 50px !important;}&#8221; el_id=&#8221;exposiciones&#8221;][vc_row css=&#8221;.vc_custom_1695372865467{margin-bottom: 50px !important;}&#8221;][vc_column][vc_column_text css=&#8221;&#8221; el_class=&#8221;titol-text&#8221;]\n<h1>Erakusketa<\/h1>\n[\/vc_column_text][vc_column_text css=&#8221;.vc_custom_1734633495042{margin-bottom: 15px !important;}&#8221; el_class=&#8221;text&#8221;]<strong>1970<\/strong>: Exposici\u00f3n individual en los Salones de Cultura de la Caja de Ahorros Provincial de Vitoria.<br \/>\n<strong>1971<\/strong>: Colectiva &#8220;Pintores vascos en la actualidad&#8221; en Torre Luzea, Zarauz.<br \/>\n<strong>1972<\/strong>: Exposici\u00f3n individual en los salones de cultura de Vitoria, en la galer\u00eda Mikeldi de Bilbao y en las Salas Municipales de Cultura de Durango. Participaci\u00f3n en la &#8220;Exposici\u00f3n de arte vasco&#8221; en el ayuntamiento de Baracaldo.<br \/>\n<strong>1973<\/strong>: Exposici\u00f3n individual en la Caja de Ahorros de Pamplona.\u200b Exposici\u00f3n individual en los Salones Luis de Ajuria, Vitoria.\u200b Exposici\u00f3n individual en la Galer\u00eda Mikeldi, Bilbao.\u200b Participaci\u00f3n en la colectiva &#8220;J.M. Barandiar\u00e1n Gorazarre-Homenaje al Padre Don Jos\u00e9 Miguel Barandiar\u00e1n&#8221;, en Ata\u00fan, Guip\u00fazcoa.<br \/>\n<strong>1974<\/strong>: Exposici\u00f3n individual en Galer\u00eda Pez, San Sebasti\u00e1n.\u200b Colectiva &#8220;Un escultor y cuatro pintores Alaveses&#8221; en el Museo de San Telmo, San Sebasti\u00e1n y en los Pabellones de Arte Ciudadela de la caja de ahorros de Pamplona.<br \/>\n<strong>1975<\/strong>: Colectiva de artistas alaveses en la sala Luis de Ajuria, Vitoria. Exposici\u00f3n individual en Galer\u00eda Eder Arte.<br \/>\n<strong>1976<\/strong>: Exposici\u00f3n individual en Galer\u00eda Luzaro, Bilbao. Colectiva &#8220;Objetos&#8221; en la Galer\u00eda Luzaro, Bilbao.<br \/>\n<strong>1977<\/strong>: Exposici\u00f3n individual en la Galer\u00eda B, San Sebasti\u00e1n.<br \/>\n<strong>1978<\/strong>: Colectiva &#8220;Euskal Artea 78-Arte Vasco 78&#8221; en el aula de cultura de la caja de ahorros municipal de Bilbao.<br \/>\n<strong>1979<\/strong>: Colectiva &#8220;Erakusketa 79&#8221; en el Palacio de Vel\u00e1zquez, Madrid.<br \/>\n<strong>1980<\/strong>: Exposici\u00f3n junto a Carmelo Ortiz de Elguea en la Sala Castel-Ruiz de Tudela. Colectiva &#8220;Erakusketa 79&#8221; en la Fundaci\u00f3n Mir\u00f3 de Barcelona.<br \/>\n<strong>1981<\/strong>: &#8220;Arte Eder 81&#8221;, Feria de Arte Contempor\u00e1neo de Bilbao. Exposici\u00f3n individual en Galer\u00eda Ederti, Bilbao.<br \/>\n<strong>1982<\/strong>: Colectiva en las Salas del Ayuntamiento de Madrid &#8220;Artistas vascos entre el realismo y la figuraci\u00f3n 1970-1982&#8221;.<br \/>\n<strong>1983<\/strong>: Exposici\u00f3n individual en Galer\u00eda El Almac\u00e9n, Arrecife, Lanzarote.<br \/>\n<strong>1984<\/strong>: Exposici\u00f3n individual en Galer\u00eda Windsor, Bilbao. Exposici\u00f3n individual en la Caja de Ahorros de Vitoria.<br \/>\n<strong>1986<\/strong>: Exposici\u00f3n en Sala T\u00f3rculo, Burgos. Exposici\u00f3n en Manos Unidas, Vitoria.<br \/>\n<strong>1987<\/strong>: Exposici\u00f3n &#8220;Gernika 37-87&#8221; en Gernika. Exposici\u00f3n individual en la Caja de Ahorros Provincial de Vitoria.<br \/>\n<strong>1988<\/strong>: Exposici\u00f3n de serigraf\u00edas en la Fundaci\u00f3n Caja Provincial. Exposici\u00f3n y realizaci\u00f3n de un mural en la Sala San Prudencio, en homenaje a Jorge Oteiza. Realizaci\u00f3n de un mural para el Hotel Gasteiz de Vitoria.<br \/>\n<strong>1989<\/strong>: Colectiva &#8220;Artistas Vascos&#8221; en la sala de ahorros de Bilbao. Exposici\u00f3n en Orma, Sala Am\u00e1rica. Realizaci\u00f3n de un mural para el edificio de Juzgados Vascos. Exposici\u00f3n individual &#8220;Obra gr\u00e1fica&#8221; en Sala Dendaraba.<br \/>\n<strong>1990<\/strong>: Exposici\u00f3n individual en el Museo de Arte e Historia de Durango.\u200b Exposici\u00f3n individual en Galer\u00eda Pintzel de Pamplona. Exposici\u00f3n individual en Sala San Prudencio, Vitoria.<br \/>\n<strong>1991<\/strong>: Exposici\u00f3n individual en &#8220;Art International Gallery&#8221;, Bilbao. Participaci\u00f3n en la Colectiva Bienal de Cuba, La Habana.\u200b Exposici\u00f3n individual en Galer\u00eda Arte Xerea, Valencia.<br \/>\n<strong>1992<\/strong>: Participaci\u00f3n en ARCO, Madrid con la Galer\u00eda Arte Xerea. Exposici\u00f3n individual en la Sala Olaguibel, Vitoria. Exposici\u00f3n individual en la Sala S\u00b4agr\u00edcola, Manacor, Mallorca.<br \/>\n<strong>1993<\/strong>: Exposici\u00f3n individual en Galer\u00eda Lourdes Ugarabe, Vitoria. Exposici\u00f3n individual en Galer\u00eda De Griffioen, Amberes.\u200b Exposici\u00f3n individual en Galer\u00eda Arte Xerea, Valencia.<br \/>\n<strong>1994<\/strong>: Participaci\u00f3n en Interart con Galer\u00eda Arte Xerea.<br \/>\n<strong>1996<\/strong>: Exposici\u00f3n individual en Torre de ses Puntes, Manacor, Mallorca.\u200b Exposici\u00f3n en el Pabell\u00f3n de mixtos, La Ciudadela, Pamplona.\u200b<br \/>\n<strong>1997<\/strong>: Exposici\u00f3n individual en Galer\u00eda Berta Belaza, Bilbao.\u200b Participaci\u00f3n en Artexpo Toulouse e Interart, Valencia. Exposici\u00f3n individual en Arte Xerea, Valencia.<br \/>\n<strong>1998<\/strong>: Participaci\u00f3n en Artexpo, Barcelona.\u200b Participaci\u00f3n en la Feria Marbella MAC\u200b, Interart.<br \/>\n<strong>1999<\/strong>: Exposici\u00f3n individual en la Sala Luis de Ajuria, Vitoria.<br \/>\n<strong>2000<\/strong>: Exposici\u00f3n individual en Galer\u00eda La Brocha, Bilbao.\u200b Exposici\u00f3n individual &#8220;La Isla&#8221; en Galer\u00eda Cl\u00e9rigos, Lugo. Exposici\u00f3n solidaria con los represaliados.\u200b Exposici\u00f3n individual en Galer\u00eda Xerea, Valencia.<br \/>\n<strong>2001<\/strong>: Participaci\u00f3n en la colectiva Uribitarte, Bilbao.<br \/>\n<strong>2002<\/strong>: Exposici\u00f3n individual &#8220;Kajikas&#8221; en Zuloa Irudia, Vitoria.\u200b Exposici\u00f3n individual en Epelde Mardaras.<br \/>\n<strong>2005<\/strong>: Exposici\u00f3n individual en Zuloa Irudia.\u200b Exposici\u00f3n individual en Cam\u00ed del Mar galer\u00eda, Manacor.<br \/>\n<strong>2007<\/strong>: Exposici\u00f3n en Galer\u00eda Byzance con el escultor Serge Van de Put, Par\u00eds.<br \/>\n<strong>2008<\/strong>: Participaci\u00f3n en la colectiva de la Fundaci\u00f3n Caja Vital.<br \/>\n<strong>2017<\/strong>: Exposici\u00f3n individual &#8220;Ke usted lo pase bien&#8221; en el Museo Artium, Vitoria.<br \/>\n<strong>2018<\/strong>: Espacio Zuloa \u201cSuite Menut\u201d Santos I\u00f1urrieta, Patxi Aldunate, Benito Herreruela[\/vc_column_text][\/vc_column][\/vc_row][\/vc_section]\n<\/div>","protected":false},"excerpt":{"rendered":"<p>[vc_section full_height=&#8221;yes&#8221; css=&#8221;.vc_custom_1734275155100{padding-top: 50px !important;padding-bottom: 50px !important;}&#8221; el_id=&#8221;exposiciones&#8221;][vc_row css=&#8221;.vc_custom_1695372865467{margin-bottom: 50px !important;}&#8221;][vc_column][vc_column_text css=&#8221;&#8221; el_class=&#8221;titol-text&#8221;] Erakusketa [\/vc_column_text][vc_column_text css=&#8221;.vc_custom_1734633495042{margin-bottom: 15px !important;}&#8221; el_class=&#8221;text&#8221;]1970: Exposici\u00f3n individual en los Salones de Cultura de la Caja de Ahorros Provincial de Vitoria. 1971: Colectiva &#8220;Pintores vascos en la actualidad&#8221; en Torre Luzea, Zarauz. 1972: Exposici\u00f3n individual en los salones de cultura de Vitoria,&hellip;<\/p>\n","protected":false},"author":1,"featured_media":3158,"parent":0,"menu_order":0,"comment_status":"closed","ping_status":"closed","template":"","meta":{"inline_featured_image":false,"footnotes":""},"class_list":["post-3207","page","type-page","status-publish","has-post-thumbnail","hentry","entry","has-media"],"yoast_head":"<!-- This site is optimized with the Yoast SEO plugin v27.4 - https:\/\/yoast.com\/product\/yoast-seo-wordpress\/ -->\n<title>SANTOS I\u00d1URRIETA - Erakusketa<\/title>\n<meta name=\"description\" content=\"Santos I\u00f1urrieta. Exposiciones en las que particip\u00f3 el pintor vasco.\" \/>\n<meta name=\"robots\" content=\"index, follow, max-snippet:-1, max-image-preview:large, max-video-preview:-1\" \/>\n<link rel=\"canonical\" href=\"https:\/\/santosinurrieta.com\/eu\/erakusketa\/\" \/>\n<meta property=\"og:locale\" content=\"eu_ES\" \/>\n<meta property=\"og:type\" content=\"article\" \/>\n<meta property=\"og:title\" content=\"SANTOS I\u00d1URRIETA - Erakusketa\" \/>\n<meta property=\"og:description\" content=\"Santos I\u00f1urrieta. Exposiciones en las que particip\u00f3 el pintor vasco.\" \/>\n<meta property=\"og:url\" content=\"https:\/\/santosinurrieta.com\/eu\/erakusketa\/\" \/>\n<meta property=\"og:site_name\" content=\"SANTOS I\u00d1URRIETA\" \/>\n<meta property=\"article:modified_time\" content=\"2025-03-02T11:57:29+00:00\" \/>\n<meta property=\"og:image\" content=\"https:\/\/santosinurrieta.com\/wp-content\/uploads\/2024\/12\/santos-inurrieta-web.jpg\" \/>\n\t<meta property=\"og:image:width\" content=\"511\" \/>\n\t<meta property=\"og:image:height\" content=\"511\" \/>\n\t<meta property=\"og:image:type\" content=\"image\/jpeg\" \/>\n<meta name=\"twitter:card\" content=\"summary_large_image\" \/>\n<meta name=\"twitter:label1\" content=\"Est. reading time\" \/>\n\t<meta name=\"twitter:data1\" content=\"4 minutes\" \/>\n<script type=\"application\/ld+json\" class=\"yoast-schema-graph\">{\"@context\":\"https:\\\/\\\/schema.org\",\"@graph\":[{\"@type\":\"WebPage\",\"@id\":\"https:\\\/\\\/santosinurrieta.com\\\/eu\\\/erakusketa\\\/\",\"url\":\"https:\\\/\\\/santosinurrieta.com\\\/eu\\\/erakusketa\\\/\",\"name\":\"SANTOS I\u00d1URRIETA - Erakusketa\",\"isPartOf\":{\"@id\":\"https:\\\/\\\/santosinurrieta.com\\\/eu\\\/#website\"},\"primaryImageOfPage\":{\"@id\":\"https:\\\/\\\/santosinurrieta.com\\\/eu\\\/erakusketa\\\/#primaryimage\"},\"image\":{\"@id\":\"https:\\\/\\\/santosinurrieta.com\\\/eu\\\/erakusketa\\\/#primaryimage\"},\"thumbnailUrl\":\"https:\\\/\\\/santosinurrieta.com\\\/wp-content\\\/uploads\\\/2024\\\/12\\\/santos-inurrieta-web.jpg\",\"datePublished\":\"2024-12-15T15:06:16+00:00\",\"dateModified\":\"2025-03-02T11:57:29+00:00\",\"description\":\"Santos I\u00f1urrieta. Exposiciones en las que particip\u00f3 el pintor vasco.\",\"breadcrumb\":{\"@id\":\"https:\\\/\\\/santosinurrieta.com\\\/eu\\\/erakusketa\\\/#breadcrumb\"},\"inLanguage\":\"eu-ES\",\"potentialAction\":[{\"@type\":\"ReadAction\",\"target\":[\"https:\\\/\\\/santosinurrieta.com\\\/eu\\\/erakusketa\\\/\"]}]},{\"@type\":\"ImageObject\",\"inLanguage\":\"eu-ES\",\"@id\":\"https:\\\/\\\/santosinurrieta.com\\\/eu\\\/erakusketa\\\/#primaryimage\",\"url\":\"https:\\\/\\\/santosinurrieta.com\\\/wp-content\\\/uploads\\\/2024\\\/12\\\/santos-inurrieta-web.jpg\",\"contentUrl\":\"https:\\\/\\\/santosinurrieta.com\\\/wp-content\\\/uploads\\\/2024\\\/12\\\/santos-inurrieta-web.jpg\",\"width\":511,\"height\":511},{\"@type\":\"BreadcrumbList\",\"@id\":\"https:\\\/\\\/santosinurrieta.com\\\/eu\\\/erakusketa\\\/#breadcrumb\",\"itemListElement\":[{\"@type\":\"ListItem\",\"position\":1,\"name\":\"Inici\",\"item\":\"https:\\\/\\\/santosinurrieta.com\\\/eu\\\/hasierako-orria\\\/\"},{\"@type\":\"ListItem\",\"position\":2,\"name\":\"Erakusketa\"}]},{\"@type\":\"WebSite\",\"@id\":\"https:\\\/\\\/santosinurrieta.com\\\/eu\\\/#website\",\"url\":\"https:\\\/\\\/santosinurrieta.com\\\/eu\\\/\",\"name\":\"Santos I\u00f1urrieta\",\"description\":\"Pintura\",\"publisher\":{\"@id\":\"https:\\\/\\\/santosinurrieta.com\\\/eu\\\/#organization\"},\"potentialAction\":[{\"@type\":\"SearchAction\",\"target\":{\"@type\":\"EntryPoint\",\"urlTemplate\":\"https:\\\/\\\/santosinurrieta.com\\\/eu\\\/?s={search_term_string}\"},\"query-input\":{\"@type\":\"PropertyValueSpecification\",\"valueRequired\":true,\"valueName\":\"search_term_string\"}}],\"inLanguage\":\"eu-ES\"},{\"@type\":\"Organization\",\"@id\":\"https:\\\/\\\/santosinurrieta.com\\\/eu\\\/#organization\",\"name\":\"Santos I\u00f1urrieta\",\"url\":\"https:\\\/\\\/santosinurrieta.com\\\/eu\\\/\",\"logo\":{\"@type\":\"ImageObject\",\"inLanguage\":\"eu-ES\",\"@id\":\"https:\\\/\\\/santosinurrieta.com\\\/eu\\\/#\\\/schema\\\/logo\\\/image\\\/\",\"url\":\"https:\\\/\\\/santosinurrieta.com\\\/wp-content\\\/uploads\\\/2024\\\/12\\\/santos-inurrieta-web.jpg\",\"contentUrl\":\"https:\\\/\\\/santosinurrieta.com\\\/wp-content\\\/uploads\\\/2024\\\/12\\\/santos-inurrieta-web.jpg\",\"width\":511,\"height\":511,\"caption\":\"Santos I\u00f1urrieta\"},\"image\":{\"@id\":\"https:\\\/\\\/santosinurrieta.com\\\/eu\\\/#\\\/schema\\\/logo\\\/image\\\/\"},\"sameAs\":[\"https:\\\/\\\/www.instagram.com\\\/santos_inurrieta\\\/\"]}]}<\/script>\n<!-- \/ Yoast SEO plugin. -->","yoast_head_json":{"title":"SANTOS I\u00d1URRIETA - Erakusketa","description":"Santos I\u00f1urrieta. Exposiciones en las que particip\u00f3 el pintor vasco.","robots":{"index":"index","follow":"follow","max-snippet":"max-snippet:-1","max-image-preview":"max-image-preview:large","max-video-preview":"max-video-preview:-1"},"canonical":"https:\/\/santosinurrieta.com\/eu\/erakusketa\/","og_locale":"eu_ES","og_type":"article","og_title":"SANTOS I\u00d1URRIETA - Erakusketa","og_description":"Santos I\u00f1urrieta. Exposiciones en las que particip\u00f3 el pintor vasco.","og_url":"https:\/\/santosinurrieta.com\/eu\/erakusketa\/","og_site_name":"SANTOS I\u00d1URRIETA","article_modified_time":"2025-03-02T11:57:29+00:00","og_image":[{"width":511,"height":511,"url":"https:\/\/santosinurrieta.com\/wp-content\/uploads\/2024\/12\/santos-inurrieta-web.jpg","type":"image\/jpeg"}],"twitter_card":"summary_large_image","twitter_misc":{"Est. reading time":"4 minutes"},"schema":{"@context":"https:\/\/schema.org","@graph":[{"@type":"WebPage","@id":"https:\/\/santosinurrieta.com\/eu\/erakusketa\/","url":"https:\/\/santosinurrieta.com\/eu\/erakusketa\/","name":"SANTOS I\u00d1URRIETA - Erakusketa","isPartOf":{"@id":"https:\/\/santosinurrieta.com\/eu\/#website"},"primaryImageOfPage":{"@id":"https:\/\/santosinurrieta.com\/eu\/erakusketa\/#primaryimage"},"image":{"@id":"https:\/\/santosinurrieta.com\/eu\/erakusketa\/#primaryimage"},"thumbnailUrl":"https:\/\/santosinurrieta.com\/wp-content\/uploads\/2024\/12\/santos-inurrieta-web.jpg","datePublished":"2024-12-15T15:06:16+00:00","dateModified":"2025-03-02T11:57:29+00:00","description":"Santos I\u00f1urrieta. Exposiciones en las que particip\u00f3 el pintor vasco.","breadcrumb":{"@id":"https:\/\/santosinurrieta.com\/eu\/erakusketa\/#breadcrumb"},"inLanguage":"eu-ES","potentialAction":[{"@type":"ReadAction","target":["https:\/\/santosinurrieta.com\/eu\/erakusketa\/"]}]},{"@type":"ImageObject","inLanguage":"eu-ES","@id":"https:\/\/santosinurrieta.com\/eu\/erakusketa\/#primaryimage","url":"https:\/\/santosinurrieta.com\/wp-content\/uploads\/2024\/12\/santos-inurrieta-web.jpg","contentUrl":"https:\/\/santosinurrieta.com\/wp-content\/uploads\/2024\/12\/santos-inurrieta-web.jpg","width":511,"height":511},{"@type":"BreadcrumbList","@id":"https:\/\/santosinurrieta.com\/eu\/erakusketa\/#breadcrumb","itemListElement":[{"@type":"ListItem","position":1,"name":"Inici","item":"https:\/\/santosinurrieta.com\/eu\/hasierako-orria\/"},{"@type":"ListItem","position":2,"name":"Erakusketa"}]},{"@type":"WebSite","@id":"https:\/\/santosinurrieta.com\/eu\/#website","url":"https:\/\/santosinurrieta.com\/eu\/","name":"Santos I\u00f1urrieta","description":"Pintura","publisher":{"@id":"https:\/\/santosinurrieta.com\/eu\/#organization"},"potentialAction":[{"@type":"SearchAction","target":{"@type":"EntryPoint","urlTemplate":"https:\/\/santosinurrieta.com\/eu\/?s={search_term_string}"},"query-input":{"@type":"PropertyValueSpecification","valueRequired":true,"valueName":"search_term_string"}}],"inLanguage":"eu-ES"},{"@type":"Organization","@id":"https:\/\/santosinurrieta.com\/eu\/#organization","name":"Santos I\u00f1urrieta","url":"https:\/\/santosinurrieta.com\/eu\/","logo":{"@type":"ImageObject","inLanguage":"eu-ES","@id":"https:\/\/santosinurrieta.com\/eu\/#\/schema\/logo\/image\/","url":"https:\/\/santosinurrieta.com\/wp-content\/uploads\/2024\/12\/santos-inurrieta-web.jpg","contentUrl":"https:\/\/santosinurrieta.com\/wp-content\/uploads\/2024\/12\/santos-inurrieta-web.jpg","width":511,"height":511,"caption":"Santos I\u00f1urrieta"},"image":{"@id":"https:\/\/santosinurrieta.com\/eu\/#\/schema\/logo\/image\/"},"sameAs":["https:\/\/www.instagram.com\/santos_inurrieta\/"]}]}},"_links":{"self":[{"href":"https:\/\/santosinurrieta.com\/eu\/wp-json\/wp\/v2\/pages\/3207","targetHints":{"allow":["GET"]}}],"collection":[{"href":"https:\/\/santosinurrieta.com\/eu\/wp-json\/wp\/v2\/pages"}],"about":[{"href":"https:\/\/santosinurrieta.com\/eu\/wp-json\/wp\/v2\/types\/page"}],"author":[{"embeddable":true,"href":"https:\/\/santosinurrieta.com\/eu\/wp-json\/wp\/v2\/users\/1"}],"replies":[{"embeddable":true,"href":"https:\/\/santosinurrieta.com\/eu\/wp-json\/wp\/v2\/comments?post=3207"}],"version-history":[{"count":2,"href":"https:\/\/santosinurrieta.com\/eu\/wp-json\/wp\/v2\/pages\/3207\/revisions"}],"predecessor-version":[{"id":3209,"href":"https:\/\/santosinurrieta.com\/eu\/wp-json\/wp\/v2\/pages\/3207\/revisions\/3209"}],"wp:featuredmedia":[{"embeddable":true,"href":"https:\/\/santosinurrieta.com\/eu\/wp-json\/wp\/v2\/media\/3158"}],"wp:attachment":[{"href":"https:\/\/santosinurrieta.com\/eu\/wp-json\/wp\/v2\/media?parent=3207"}],"curies":[{"name":"wp","href":"https:\/\/api.w.org\/{rel}","templated":true}]}}