{"id":2328,"date":"2024-12-15T17:26:19","date_gmt":"2024-12-15T15:26:19","guid":{"rendered":"https:\/\/santosinurrieta.com\/press\/"},"modified":"2025-02-13T16:38:01","modified_gmt":"2025-02-13T14:38:01","slug":"press","status":"publish","type":"page","link":"https:\/\/santosinurrieta.com\/en\/press\/","title":{"rendered":"Press"},"content":{"rendered":"<div class=\"wpb-content-wrapper\">[vc_section full_height=&#8221;yes&#8221; css=&#8221;.vc_custom_1734276374603{padding-top: 50px !important;padding-bottom: 50px !important;}&#8221; el_id=&#8221;prensa&#8221;][vc_row css=&#8221;.vc_custom_1695372865467{margin-bottom: 50px !important;}&#8221;][vc_column][vc_column_text css=&#8221;&#8221; el_class=&#8221;titol-text&#8221;]\n<h1>Press<\/h1>\n[\/vc_column_text][vc_column_text css=&#8221;.vc_custom_1734676526191{margin-bottom: 40px !important;}&#8221; el_class=&#8221;text&#8221;]Links to news about Santos or appearances of the artist in the media.[\/vc_column_text][vc_column_text css=&#8221;.vc_custom_1738265483111{margin-bottom: 15px !important;}&#8221; el_class=&#8221;text&#8221;]<a href=\"https:\/\/www.noticiasdealava.eus\/cultura\/2017\/09\/14\/esbozando-santos-inurrieta-1379609.html\" target=\"_blank\" rel=\"noopener\">Esbozando a Santos I\u00f1urrieta<\/a> <em>en Noticias de \u00c1lava por I\u00f1aki Larrimbe.<\/em><br \/>\n<a href=\"https:\/\/www.laprovincia.es\/lanzarote\/2014\/06\/26\/arte-contemporaneo-tuneras-10311885.html\" target=\"_blank\" rel=\"noopener\">Arte contempor\u00e1neo entre tuneras<\/a> <em>en La Provincia por Ar\u00e1nzazu Fern\u00e1ndez.<\/em><br \/>\n<a href=\"https:\/\/www.eitb.eus\/es\/radio\/radio-vitoria\/programas\/radio-vitoria-gaur-actualidad\/detalle\/5079090\/el-pintor-santos-inurrieta-regresa-vitoria-exponer-artium\/\" target=\"_blank\" rel=\"noopener\">El pintor Santos I\u00f1urrieta regresa a Vitoria para exponer en Artium<\/a> <em>en EITB.<\/em><br \/>\n<a href=\"https:\/\/zaskultur.com\/2018\/09\/25\/doble-muestra-de-santos-inurrieta-en-gasteiz\/\" target=\"_blank\" rel=\"noopener\">Doble muestra de Santos I\u00f1urrieta en Gasteiz<\/a> <em>en Zas Kultur.<\/em><br \/>\n<a href=\"http:\/\/www.artium.eus\/es\/exposiciones\/item\/60439-santos-inurrieta-ke-usted-lo-pase-bien-en-paralelo\" target=\"_blank\" rel=\"noopener\">Santos I\u00f1urrieta. Ke Usted lo pase bien<\/a> <em>en Artium.<\/em><br \/>\n<a href=\"https:\/\/www.youtube.com\/watch?v=ejqHuSlGaxY\" target=\"_blank\" rel=\"noopener\">ARTIUM. Santos I\u00f1urrieta &#8220;Ke usted lo pase bien&#8221; <\/a> <em>en el canal de Artium en Youtube.<\/em><br \/>\n<a href=\"https:\/\/masdearte.com\/santos-inurrieta-artium-vitoria\/\" target=\"_blank\" rel=\"noopener\">El universo de Santos I\u00f1urrieta en el ARTIUM de Vitoria<\/a> <em>en M\u00e1s de Arte.<\/em><br \/>\n<a href=\"https:\/\/agenda.elcorreo.com\/evento\/ke-usted-lo-pase-bien-573879.html\" target=\"_blank\" rel=\"noopener\">Ke usted lo pase bien<\/a> <em>en El Correo.<\/em><br \/>\n<a href=\"https:\/\/www.elcorreo.com\/alava\/santos-inurrieta-invita-disfrutar-artium-20170919120003-ga.html\" target=\"_blank\" rel=\"noopener\">Santos I\u00f1urrieta invita a disfrutar en Artium<\/a> <em>en El Correo por IOSU ONANDIA.<\/em><br \/>\n<a href=\"https:\/\/www.naiz.eus\/es\/hemeroteca\/gara\/editions\/2018-10-09\/hemeroteca_articles\/doble-racion-de-santos-inurrieta-en-gasteiz\" target=\"_blank\" rel=\"noopener\">Doble raci\u00f3n de Santos I\u00f1urrieta en Gasteiz<\/a> <em>en Gara.<\/em><br \/>\n<a href=\"https:\/\/www.noticiasdealava.eus\/cultura\/2024\/02\/22\/vitoria-recuerda-santos-inurrieta-7911420.html\" target=\"_blank\" rel=\"noopener\">Vitoria recuerda a Santos I\u00f1urrieta<\/a> <em>en Noticias de \u00c1lava por Carlos Gonz\u00e1lez.<\/em><br \/>\n<a href=\"https:\/\/www.fundacionorbegozo.com\/portfolio\/santos-inurreta-dela-fuente\/\" target=\"_blank\" rel=\"noopener\">Santos I\u00f1urrieta<\/a> <em>en Fundaci\u00f3n Orbegozo.<\/em><br \/>\n<a href=\"https:\/\/aunamendi.eusko-ikaskuntza.eus\/eu\/inurrieta-de-la-fuente-santos\/ar-69015\/\" target=\"_blank\" rel=\"noopener\">I\u00f1urrieta de la Fuente, Santos<\/a> <em>en Au\u00f1amendi Eusko Entziklopedia.<\/em><br \/>\n<a href=\"https:\/\/www.artium.eus\/es\/exposiciones\/item\/60439-santos-inurrieta-ke-usted-lo-pase-bien-en-paralelo\" target=\"_blank\" rel=\"noopener\">Santos I\u00f1urrieta. Ke usted lo pase bien<\/a> <em>en Artium.<\/em><br \/>\n<a href=\"https:\/\/elpais.com\/diario\/2000\/01\/31\/paisvasco\/949351213_850215.html\" target=\"_blank\" rel=\"noopener\">Las fiestas visuales de Santos I\u00f1urrieta<\/a> <em>en El Pa\u00eds por Jos\u00e9 Lu\u00eds Merino.<\/em>[\/vc_column_text][\/vc_column][\/vc_row][\/vc_section]\n<\/div>","protected":false},"excerpt":{"rendered":"<p>[vc_section full_height=&#8221;yes&#8221; css=&#8221;.vc_custom_1734276374603{padding-top: 50px !important;padding-bottom: 50px !important;}&#8221; el_id=&#8221;prensa&#8221;][vc_row css=&#8221;.vc_custom_1695372865467{margin-bottom: 50px !important;}&#8221;][vc_column][vc_column_text css=&#8221;&#8221; el_class=&#8221;titol-text&#8221;] Press [\/vc_column_text][vc_column_text css=&#8221;.vc_custom_1734676526191{margin-bottom: 40px !important;}&#8221; el_class=&#8221;text&#8221;]Links to news about Santos or appearances of the artist in the media.[\/vc_column_text][vc_column_text css=&#8221;.vc_custom_1738265483111{margin-bottom: 15px !important;}&#8221; el_class=&#8221;text&#8221;]Esbozando a Santos I\u00f1urrieta en Noticias de \u00c1lava por I\u00f1aki Larrimbe. Arte contempor\u00e1neo entre tuneras en La Provincia por Ar\u00e1nzazu Fern\u00e1ndez.&hellip;<\/p>\n","protected":false},"author":1,"featured_media":2028,"parent":0,"menu_order":0,"comment_status":"closed","ping_status":"closed","template":"","meta":{"inline_featured_image":false,"footnotes":""},"class_list":["post-2328","page","type-page","status-publish","has-post-thumbnail","hentry","entry","has-media"],"yoast_head":"<!-- This site is optimized with the Yoast SEO plugin v27.4 - https:\/\/yoast.com\/product\/yoast-seo-wordpress\/ -->\n<title>SANTOS I\u00d1URRIETA - Press<\/title>\n<meta name=\"description\" content=\"Santos I\u00f1urrieta web. Links to news about Santos or appearances of the artist in the media.\" \/>\n<meta name=\"robots\" content=\"index, follow, max-snippet:-1, max-image-preview:large, max-video-preview:-1\" \/>\n<link rel=\"canonical\" href=\"https:\/\/santosinurrieta.com\/en\/press\/\" \/>\n<meta property=\"og:locale\" content=\"en_US\" \/>\n<meta property=\"og:type\" content=\"article\" \/>\n<meta property=\"og:title\" content=\"SANTOS I\u00d1URRIETA - Press\" \/>\n<meta property=\"og:description\" content=\"Santos I\u00f1urrieta web. Links to news about Santos or appearances of the artist in the media.\" \/>\n<meta property=\"og:url\" content=\"https:\/\/santosinurrieta.com\/en\/press\/\" \/>\n<meta property=\"og:site_name\" content=\"SANTOS I\u00d1URRIETA\" \/>\n<meta property=\"article:modified_time\" content=\"2025-02-13T14:38:01+00:00\" \/>\n<meta property=\"og:image\" content=\"https:\/\/santosinurrieta.com\/wp-content\/uploads\/2024\/12\/santos-inurrieta-web.jpg\" \/>\n\t<meta property=\"og:image:width\" content=\"511\" \/>\n\t<meta property=\"og:image:height\" content=\"511\" \/>\n\t<meta property=\"og:image:type\" content=\"image\/jpeg\" \/>\n<meta name=\"twitter:card\" content=\"summary_large_image\" \/>\n<meta name=\"twitter:label1\" content=\"Est. reading time\" \/>\n\t<meta name=\"twitter:data1\" content=\"1 minute\" \/>\n<script type=\"application\/ld+json\" class=\"yoast-schema-graph\">{\"@context\":\"https:\\\/\\\/schema.org\",\"@graph\":[{\"@type\":\"WebPage\",\"@id\":\"https:\\\/\\\/santosinurrieta.com\\\/en\\\/press\\\/\",\"url\":\"https:\\\/\\\/santosinurrieta.com\\\/en\\\/press\\\/\",\"name\":\"SANTOS I\u00d1URRIETA - Press\",\"isPartOf\":{\"@id\":\"https:\\\/\\\/santosinurrieta.com\\\/en\\\/#website\"},\"primaryImageOfPage\":{\"@id\":\"https:\\\/\\\/santosinurrieta.com\\\/en\\\/press\\\/#primaryimage\"},\"image\":{\"@id\":\"https:\\\/\\\/santosinurrieta.com\\\/en\\\/press\\\/#primaryimage\"},\"thumbnailUrl\":\"https:\\\/\\\/santosinurrieta.com\\\/wp-content\\\/uploads\\\/2024\\\/12\\\/santos-inurrieta-web.jpg\",\"datePublished\":\"2024-12-15T15:26:19+00:00\",\"dateModified\":\"2025-02-13T14:38:01+00:00\",\"description\":\"Santos I\u00f1urrieta web. Links to news about Santos or appearances of the artist in the media.\",\"breadcrumb\":{\"@id\":\"https:\\\/\\\/santosinurrieta.com\\\/en\\\/press\\\/#breadcrumb\"},\"inLanguage\":\"en-US\",\"potentialAction\":[{\"@type\":\"ReadAction\",\"target\":[\"https:\\\/\\\/santosinurrieta.com\\\/en\\\/press\\\/\"]}]},{\"@type\":\"ImageObject\",\"inLanguage\":\"en-US\",\"@id\":\"https:\\\/\\\/santosinurrieta.com\\\/en\\\/press\\\/#primaryimage\",\"url\":\"https:\\\/\\\/santosinurrieta.com\\\/wp-content\\\/uploads\\\/2024\\\/12\\\/santos-inurrieta-web.jpg\",\"contentUrl\":\"https:\\\/\\\/santosinurrieta.com\\\/wp-content\\\/uploads\\\/2024\\\/12\\\/santos-inurrieta-web.jpg\",\"width\":511,\"height\":511},{\"@type\":\"BreadcrumbList\",\"@id\":\"https:\\\/\\\/santosinurrieta.com\\\/en\\\/press\\\/#breadcrumb\",\"itemListElement\":[{\"@type\":\"ListItem\",\"position\":1,\"name\":\"Inici\",\"item\":\"https:\\\/\\\/santosinurrieta.com\\\/en\\\/\"},{\"@type\":\"ListItem\",\"position\":2,\"name\":\"Press\"}]},{\"@type\":\"WebSite\",\"@id\":\"https:\\\/\\\/santosinurrieta.com\\\/en\\\/#website\",\"url\":\"https:\\\/\\\/santosinurrieta.com\\\/en\\\/\",\"name\":\"Santos I\u00f1urrieta\",\"description\":\"Pintura\",\"publisher\":{\"@id\":\"https:\\\/\\\/santosinurrieta.com\\\/en\\\/#organization\"},\"potentialAction\":[{\"@type\":\"SearchAction\",\"target\":{\"@type\":\"EntryPoint\",\"urlTemplate\":\"https:\\\/\\\/santosinurrieta.com\\\/en\\\/?s={search_term_string}\"},\"query-input\":{\"@type\":\"PropertyValueSpecification\",\"valueRequired\":true,\"valueName\":\"search_term_string\"}}],\"inLanguage\":\"en-US\"},{\"@type\":\"Organization\",\"@id\":\"https:\\\/\\\/santosinurrieta.com\\\/en\\\/#organization\",\"name\":\"Santos I\u00f1urrieta\",\"url\":\"https:\\\/\\\/santosinurrieta.com\\\/en\\\/\",\"logo\":{\"@type\":\"ImageObject\",\"inLanguage\":\"en-US\",\"@id\":\"https:\\\/\\\/santosinurrieta.com\\\/en\\\/#\\\/schema\\\/logo\\\/image\\\/\",\"url\":\"https:\\\/\\\/santosinurrieta.com\\\/wp-content\\\/uploads\\\/2024\\\/12\\\/santos-inurrieta-web.jpg\",\"contentUrl\":\"https:\\\/\\\/santosinurrieta.com\\\/wp-content\\\/uploads\\\/2024\\\/12\\\/santos-inurrieta-web.jpg\",\"width\":511,\"height\":511,\"caption\":\"Santos I\u00f1urrieta\"},\"image\":{\"@id\":\"https:\\\/\\\/santosinurrieta.com\\\/en\\\/#\\\/schema\\\/logo\\\/image\\\/\"},\"sameAs\":[\"https:\\\/\\\/www.instagram.com\\\/santos_inurrieta\\\/\"]}]}<\/script>\n<!-- \/ Yoast SEO plugin. -->","yoast_head_json":{"title":"SANTOS I\u00d1URRIETA - Press","description":"Santos I\u00f1urrieta web. Links to news about Santos or appearances of the artist in the media.","robots":{"index":"index","follow":"follow","max-snippet":"max-snippet:-1","max-image-preview":"max-image-preview:large","max-video-preview":"max-video-preview:-1"},"canonical":"https:\/\/santosinurrieta.com\/en\/press\/","og_locale":"en_US","og_type":"article","og_title":"SANTOS I\u00d1URRIETA - Press","og_description":"Santos I\u00f1urrieta web. Links to news about Santos or appearances of the artist in the media.","og_url":"https:\/\/santosinurrieta.com\/en\/press\/","og_site_name":"SANTOS I\u00d1URRIETA","article_modified_time":"2025-02-13T14:38:01+00:00","og_image":[{"width":511,"height":511,"url":"https:\/\/santosinurrieta.com\/wp-content\/uploads\/2024\/12\/santos-inurrieta-web.jpg","type":"image\/jpeg"}],"twitter_card":"summary_large_image","twitter_misc":{"Est. reading time":"1 minute"},"schema":{"@context":"https:\/\/schema.org","@graph":[{"@type":"WebPage","@id":"https:\/\/santosinurrieta.com\/en\/press\/","url":"https:\/\/santosinurrieta.com\/en\/press\/","name":"SANTOS I\u00d1URRIETA - Press","isPartOf":{"@id":"https:\/\/santosinurrieta.com\/en\/#website"},"primaryImageOfPage":{"@id":"https:\/\/santosinurrieta.com\/en\/press\/#primaryimage"},"image":{"@id":"https:\/\/santosinurrieta.com\/en\/press\/#primaryimage"},"thumbnailUrl":"https:\/\/santosinurrieta.com\/wp-content\/uploads\/2024\/12\/santos-inurrieta-web.jpg","datePublished":"2024-12-15T15:26:19+00:00","dateModified":"2025-02-13T14:38:01+00:00","description":"Santos I\u00f1urrieta web. Links to news about Santos or appearances of the artist in the media.","breadcrumb":{"@id":"https:\/\/santosinurrieta.com\/en\/press\/#breadcrumb"},"inLanguage":"en-US","potentialAction":[{"@type":"ReadAction","target":["https:\/\/santosinurrieta.com\/en\/press\/"]}]},{"@type":"ImageObject","inLanguage":"en-US","@id":"https:\/\/santosinurrieta.com\/en\/press\/#primaryimage","url":"https:\/\/santosinurrieta.com\/wp-content\/uploads\/2024\/12\/santos-inurrieta-web.jpg","contentUrl":"https:\/\/santosinurrieta.com\/wp-content\/uploads\/2024\/12\/santos-inurrieta-web.jpg","width":511,"height":511},{"@type":"BreadcrumbList","@id":"https:\/\/santosinurrieta.com\/en\/press\/#breadcrumb","itemListElement":[{"@type":"ListItem","position":1,"name":"Inici","item":"https:\/\/santosinurrieta.com\/en\/"},{"@type":"ListItem","position":2,"name":"Press"}]},{"@type":"WebSite","@id":"https:\/\/santosinurrieta.com\/en\/#website","url":"https:\/\/santosinurrieta.com\/en\/","name":"Santos I\u00f1urrieta","description":"Pintura","publisher":{"@id":"https:\/\/santosinurrieta.com\/en\/#organization"},"potentialAction":[{"@type":"SearchAction","target":{"@type":"EntryPoint","urlTemplate":"https:\/\/santosinurrieta.com\/en\/?s={search_term_string}"},"query-input":{"@type":"PropertyValueSpecification","valueRequired":true,"valueName":"search_term_string"}}],"inLanguage":"en-US"},{"@type":"Organization","@id":"https:\/\/santosinurrieta.com\/en\/#organization","name":"Santos I\u00f1urrieta","url":"https:\/\/santosinurrieta.com\/en\/","logo":{"@type":"ImageObject","inLanguage":"en-US","@id":"https:\/\/santosinurrieta.com\/en\/#\/schema\/logo\/image\/","url":"https:\/\/santosinurrieta.com\/wp-content\/uploads\/2024\/12\/santos-inurrieta-web.jpg","contentUrl":"https:\/\/santosinurrieta.com\/wp-content\/uploads\/2024\/12\/santos-inurrieta-web.jpg","width":511,"height":511,"caption":"Santos I\u00f1urrieta"},"image":{"@id":"https:\/\/santosinurrieta.com\/en\/#\/schema\/logo\/image\/"},"sameAs":["https:\/\/www.instagram.com\/santos_inurrieta\/"]}]}},"_links":{"self":[{"href":"https:\/\/santosinurrieta.com\/en\/wp-json\/wp\/v2\/pages\/2328","targetHints":{"allow":["GET"]}}],"collection":[{"href":"https:\/\/santosinurrieta.com\/en\/wp-json\/wp\/v2\/pages"}],"about":[{"href":"https:\/\/santosinurrieta.com\/en\/wp-json\/wp\/v2\/types\/page"}],"author":[{"embeddable":true,"href":"https:\/\/santosinurrieta.com\/en\/wp-json\/wp\/v2\/users\/1"}],"replies":[{"embeddable":true,"href":"https:\/\/santosinurrieta.com\/en\/wp-json\/wp\/v2\/comments?post=2328"}],"version-history":[{"count":2,"href":"https:\/\/santosinurrieta.com\/en\/wp-json\/wp\/v2\/pages\/2328\/revisions"}],"predecessor-version":[{"id":2330,"href":"https:\/\/santosinurrieta.com\/en\/wp-json\/wp\/v2\/pages\/2328\/revisions\/2330"}],"wp:featuredmedia":[{"embeddable":true,"href":"https:\/\/santosinurrieta.com\/en\/wp-json\/wp\/v2\/media\/2028"}],"wp:attachment":[{"href":"https:\/\/santosinurrieta.com\/en\/wp-json\/wp\/v2\/media?parent=2328"}],"curies":[{"name":"wp","href":"https:\/\/api.w.org\/{rel}","templated":true}]}}