{"id":5029,"date":"2024-12-15T17:06:16","date_gmt":"2024-12-15T15:06:16","guid":{"rendered":"https:\/\/santosinurrieta.com\/exposicions\/"},"modified":"2025-08-02T08:15:28","modified_gmt":"2025-08-02T06:15:28","slug":"exposicions","status":"publish","type":"page","link":"https:\/\/santosinurrieta.com\/ca\/exposicions\/","title":{"rendered":"Exposicions"},"content":{"rendered":"<div class=\"wpb-content-wrapper\">[vc_section full_height=&#8221;yes&#8221; css=&#8221;.vc_custom_1734275155100{padding-top: 50px !important;padding-bottom: 50px !important;}&#8221; el_id=&#8221;exposiciones&#8221;][vc_row css=&#8221;.vc_custom_1695372865467{margin-bottom: 50px !important;}&#8221;][vc_column][vc_column_text css=&#8221;&#8221; el_class=&#8221;titol-text&#8221;]\n<h1>Exposicions<\/h1>\n[\/vc_column_text][vc_column_text css=&#8221;.vc_custom_1734633495042{margin-bottom: 15px !important;}&#8221; el_class=&#8221;text&#8221;]<strong>1970<\/strong>: Exposici\u00f3 individual als Salons de Cultura de la Caixa d&#8217;Estalvis Provincial de Vit\u00f2ria.<br \/>\n<strong>1971<\/strong>: Col\u00b7lectiva &#8220;Pintors bascos en l\u2019actualitat&#8221; a la Torre Luzea, Zarautz.<br \/>\n<strong>1972<\/strong>: Exposici\u00f3 individual als Salons de Cultura de Vit\u00f2ria, a la galeria Mikeldi de Bilbao i a les Sales Municipals de Cultura de Durango. Participaci\u00f3 a l\u2019&#8221;Exposici\u00f3 d\u2019art basc&#8221; a l\u2019ajuntament de Barakaldo.<br \/>\n<strong>1973<\/strong>: Exposici\u00f3 individual a la Caixa d\u2019Estalvis de Pamplona.<br \/>Exposici\u00f3 individual als Salons Luis de Ajuria, a Vit\u00f2ria.<br \/>Exposici\u00f3 individual a la Galeria Mikeldi, a Bilbao.<br \/>Participaci\u00f3 a la col\u00b7lectiva &#8220;J.M. Barandiar\u00e1n Gorazarre\u2013Homenatge al Pare Don Jos\u00e9 Miguel Barandiar\u00e1n&#8221;, a Ataun, Guip\u00fascoa.<br \/>\n<strong>1974<\/strong>: Exposici\u00f3 individual a la Galeria Pez, Sant Sebasti\u00e0.<br \/>Col\u00b7lectiva &#8220;Un escultor i quatre pintors alabesos&#8221; al Museu de Sant Telm, a Sant Sebasti\u00e0, i als Pavellons d\u2019Art Ciutadella de la Caixa d\u2019Estalvis de Pamplona.<br \/>\n<strong>1975<\/strong>: Col\u00b7lectiva d\u2019artistes alabesos a la sala Luis de Ajuria, a Vit\u00f2ria.<br \/>Exposici\u00f3 individual a la Galeria Eder Arte.<br \/>\n<strong>1976<\/strong>: Exposici\u00f3 individual a la Galeria Luzaro, a Bilbao.<br \/>Col\u00b7lectiva &#8220;Objectes&#8221; a la Galeria Luzaro, a Bilbao.<br \/>\n<strong>1977<\/strong>: Exposici\u00f3 individual a la Galeria B, San Sebasti\u00e0.<br \/>\n<strong>1978<\/strong>: Col\u00b7lectiva &#8220;Euskal Artea 78 \u2013 Art Basc 78&#8221; a l\u2019Aula de Cultura de la Caixa d\u2019Estalvis Municipal de Bilbao.<br \/>\n<strong>1979<\/strong>: Col\u00b7lectiva &#8220;Erakusketa 79&#8221; al Palau de Vel\u00e1zquez, Madrid.<br \/>\n<strong>1980<\/strong>: Exposici\u00f3 conjunta amb Carmelo Ortiz de Elguea a la Sala Castel-Ruiz de Tudela.<br \/>Col\u00b7lectiva &#8220;Erakusketa 79&#8221; a la Fundaci\u00f3 Mir\u00f3 de Barcelona.<br \/>\n<strong>1981<\/strong>: &#8220;Arte Eder 81&#8221;, Fira d\u2019Art Contemporani de Bilbao.<br \/>Exposici\u00f3 individual a la Galeria Ederti, a Bilbao.<br \/>\n<strong>1982<\/strong>: Col\u00b7lectiva a les Sales de l\u2019Ajuntament de Madrid: &#8220;Artistes bascos entre el realisme i la figuraci\u00f3 1970\u20131982&#8221;.<br \/>\n<strong>1983<\/strong>: Exposici\u00f3 individual a la Galeria El Almac\u00e9n, a Arrecife, Lanzarote.<br \/>\n<strong>1984<\/strong>: Exposici\u00f3 individual a la Galeria Windsor, a Bilbao.<br \/>Exposici\u00f3 individual a la Caixa d\u2019Estalvis de Vit\u00f2ria.<br \/>\n<strong>1986<\/strong>: Exposici\u00f3 a la Sala T\u00f3rculo, a Burgos.<br \/>Exposici\u00f3 a Mans Unides, a Vit\u00f2ria.<br \/>\n<strong>1987<\/strong>: Exposici\u00f3 &#8220;Gernika 37-87&#8221; a Gernika.<br \/>Exposici\u00f3 individual a la Caixa d\u2019Estalvis Provincial de Vit\u00f2ria.<br \/>\n<strong>1988<\/strong>: Exposici\u00f3 de serigrafies a la Fundaci\u00f3 Caixa Provincial.<br \/>Exposici\u00f3 i realitzaci\u00f3 d\u2019un mural a la Sala Sant Prudenci, en homenatge a Jorge Oteiza.<br \/>Realitzaci\u00f3 d\u2019un mural per a l\u2019Hotel Gasteiz de Vit\u00f2ria.<br \/>\n<strong>1989<\/strong>: Col\u00b7lectiva &#8220;Artistes Bascos&#8221; a la sala d\u2019estalvis de Bilbao.<br \/>Exposici\u00f3 a Orma, Sala Am\u00e1rica.<br \/>Realitzaci\u00f3 d\u2019un mural per a l\u2019edifici dels Jutjats Bascos.<br \/>Exposici\u00f3 individual &#8220;Obra gr\u00e0fica&#8221; a la Sala Dendaraba.<br \/>\n<strong>1990<\/strong>: Exposici\u00f3 individual al Museu d\u2019Art i Hist\u00f2ria de Durango.<br \/>Exposici\u00f3 individual a la Galeria Pintzel de Pamplona.<br \/>Exposici\u00f3 individual a la Sala Sant Prudenci, a Vit\u00f2ria.<br \/>\n<strong>1991<\/strong>: Exposici\u00f3 individual a &#8220;Art International Gallery&#8221;, a Bilbao.<br \/>Participaci\u00f3 a la col\u00b7lectiva Biennal de Cuba, a l\u2019Havana.<br \/>Exposici\u00f3 individual a la Galeria Arte Xerea, a Val\u00e8ncia.<br \/>\n<strong>1992<\/strong>: Participaci\u00f3 a ARCO, Madrid, amb la Galeria Arte Xerea.<br \/>Exposici\u00f3 individual a la Sala Olaguibel, a Vit\u00f2ria.<br \/>Exposici\u00f3 individual a la Sala S\u2019Agr\u00edcola, a Manacor, Mallorca.<br \/>\n<strong>1993<\/strong>: Exposici\u00f3 individual a la Galeria Lourdes Ugarabe, a Vit\u00f2ria.<br \/>Exposici\u00f3 individual a la Galeria De Griffioen, a Anvers.<br \/>Exposici\u00f3 individual a la Galeria Arte Xerea, a Val\u00e8ncia.<br \/>\n<strong>1994<\/strong>: Participaci\u00f3 a Interart amb la Galeria Arte Xerea.<br \/>\n<strong>1996<\/strong>: Exposici\u00f3 individual a la Torre de ses Puntes, a Manacor, Mallorca.<br \/>Exposici\u00f3 al Pavell\u00f3 dels Mixtos, a la ciutadella, Pamplona.<br \/>\n<strong>1997<\/strong>: Exposici\u00f3 individual a la Galeria Berta Belaza, a Bilbao.<br \/>Participaci\u00f3 a Artexpo Tolosa i a Interart, Val\u00e8ncia.<br \/>Exposici\u00f3 individual a Arte Xerea, a Val\u00e8ncia.<br \/>\n<strong>1998<\/strong>: Participaci\u00f3 a Artexpo, Barcelona.<br \/>Participaci\u00f3 a la Fira Marbella MAC i a Interart.<br \/>\n<strong>1999<\/strong>: Exposici\u00f3 individual a la Sala Luis de Ajuria, a Vit\u00f2ria.<br \/>\n<strong>2000<\/strong>: Exposici\u00f3 individual a la Galeria La Brocha, a Bilbao.<br \/>Exposici\u00f3 individual &#8220;L\u2019illa&#8221; a la Galeria Cl\u00e9rigos, a Lugo.<br \/>Exposici\u00f3 solid\u00e0ria amb els represaliats.<br \/>Exposici\u00f3 individual a la Galeria Xerea, a Val\u00e8ncia.<br \/>\n<strong>2001<\/strong>: Participaci\u00f3 a la col\u00b7lectiva Uribitarte, a Bilbao.<br \/>\n<strong>2002<\/strong>: Exposici\u00f3 individual &#8220;Kajikas&#8221; a Zuloa Irudia, a Vit\u00f2ria.<br \/>Exposici\u00f3 individual a Epelde Mardaras.<br \/>\n<strong>2005<\/strong>: Exposici\u00f3 individual a Zuloa Irudia.<br \/>Exposici\u00f3 individual a la galeria Cam\u00ed del Mar, a Manacor.<br \/>\n<strong>2007<\/strong>: Exposici\u00f3 a la Galeria Byzance amb l\u2019escultor Serge Van de Put, a Par\u00eds.<br \/>\n<strong>2008<\/strong>: Participaci\u00f3 a la col\u00b7lectiva de la Fundaci\u00f3 Caixa Vital.<br \/>\n<strong>2017<\/strong>: Exposici\u00f3 individual &#8220;Ke usted lo pase bien&#8221; al Museu Artium, a Vit\u00f2ria.<br \/>\n<strong>2018<\/strong>: Espai Zuloa \u201cSuite Menut\u201d \u2014 Santos I\u00f1urrieta, Patxi Aldunate, Benito Herreruela[\/vc_column_text][\/vc_column][\/vc_row][\/vc_section]\n<\/div>","protected":false},"excerpt":{"rendered":"<p>[vc_section full_height=&#8221;yes&#8221; css=&#8221;.vc_custom_1734275155100{padding-top: 50px !important;padding-bottom: 50px !important;}&#8221; el_id=&#8221;exposiciones&#8221;][vc_row css=&#8221;.vc_custom_1695372865467{margin-bottom: 50px !important;}&#8221;][vc_column][vc_column_text css=&#8221;&#8221; el_class=&#8221;titol-text&#8221;] Exposicions [\/vc_column_text][vc_column_text css=&#8221;.vc_custom_1734633495042{margin-bottom: 15px !important;}&#8221; el_class=&#8221;text&#8221;]1970: Exposici\u00f3 individual als Salons de Cultura de la Caixa d&#8217;Estalvis Provincial de Vit\u00f2ria. 1971: Col\u00b7lectiva &#8220;Pintors bascos en l\u2019actualitat&#8221; a la Torre Luzea, Zarautz. 1972: Exposici\u00f3 individual als Salons de Cultura de Vit\u00f2ria, a la galeria&hellip;<\/p>\n","protected":false},"author":1,"featured_media":5004,"parent":0,"menu_order":0,"comment_status":"closed","ping_status":"closed","template":"","meta":{"inline_featured_image":false,"footnotes":""},"class_list":["post-5029","page","type-page","status-publish","has-post-thumbnail","hentry","entry","has-media"],"yoast_head":"<!-- This site is optimized with the Yoast SEO plugin v27.4 - https:\/\/yoast.com\/product\/yoast-seo-wordpress\/ -->\n<title>SANTOS I\u00d1URRIETA - Exposicions<\/title>\n<meta name=\"description\" content=\"Santos I\u00f1urrieta. Exposicions a les que va participar el pintor basc.\" \/>\n<meta name=\"robots\" content=\"index, follow, max-snippet:-1, max-image-preview:large, max-video-preview:-1\" \/>\n<link rel=\"canonical\" href=\"https:\/\/santosinurrieta.com\/ca\/exposicions\/\" \/>\n<meta property=\"og:locale\" content=\"ca_ES\" \/>\n<meta property=\"og:type\" content=\"article\" \/>\n<meta property=\"og:title\" content=\"SANTOS I\u00d1URRIETA - Exposicions\" \/>\n<meta property=\"og:description\" content=\"Santos I\u00f1urrieta. Exposicions a les que va participar el pintor basc.\" \/>\n<meta property=\"og:url\" content=\"https:\/\/santosinurrieta.com\/ca\/exposicions\/\" \/>\n<meta property=\"og:site_name\" content=\"SANTOS I\u00d1URRIETA\" \/>\n<meta property=\"article:modified_time\" content=\"2025-08-02T06:15:28+00:00\" \/>\n<meta property=\"og:image\" content=\"https:\/\/santosinurrieta.com\/wp-content\/uploads\/2024\/12\/santos-inurrieta-web.jpg\" \/>\n\t<meta property=\"og:image:width\" content=\"511\" \/>\n\t<meta property=\"og:image:height\" content=\"511\" \/>\n\t<meta property=\"og:image:type\" content=\"image\/jpeg\" \/>\n<meta name=\"twitter:card\" content=\"summary_large_image\" \/>\n<meta name=\"twitter:label1\" content=\"Temps estimat de lectura\" \/>\n\t<meta name=\"twitter:data1\" content=\"4 minuts\" \/>\n<script type=\"application\/ld+json\" class=\"yoast-schema-graph\">{\"@context\":\"https:\\\/\\\/schema.org\",\"@graph\":[{\"@type\":\"WebPage\",\"@id\":\"https:\\\/\\\/santosinurrieta.com\\\/ca\\\/exposicions\\\/\",\"url\":\"https:\\\/\\\/santosinurrieta.com\\\/ca\\\/exposicions\\\/\",\"name\":\"SANTOS I\u00d1URRIETA - Exposicions\",\"isPartOf\":{\"@id\":\"https:\\\/\\\/santosinurrieta.com\\\/ca\\\/#website\"},\"primaryImageOfPage\":{\"@id\":\"https:\\\/\\\/santosinurrieta.com\\\/ca\\\/exposicions\\\/#primaryimage\"},\"image\":{\"@id\":\"https:\\\/\\\/santosinurrieta.com\\\/ca\\\/exposicions\\\/#primaryimage\"},\"thumbnailUrl\":\"https:\\\/\\\/santosinurrieta.com\\\/wp-content\\\/uploads\\\/2024\\\/12\\\/santos-inurrieta-web.jpg\",\"datePublished\":\"2024-12-15T15:06:16+00:00\",\"dateModified\":\"2025-08-02T06:15:28+00:00\",\"description\":\"Santos I\u00f1urrieta. Exposicions a les que va participar el pintor basc.\",\"breadcrumb\":{\"@id\":\"https:\\\/\\\/santosinurrieta.com\\\/ca\\\/exposicions\\\/#breadcrumb\"},\"inLanguage\":\"ca\",\"potentialAction\":[{\"@type\":\"ReadAction\",\"target\":[\"https:\\\/\\\/santosinurrieta.com\\\/ca\\\/exposicions\\\/\"]}]},{\"@type\":\"ImageObject\",\"inLanguage\":\"ca\",\"@id\":\"https:\\\/\\\/santosinurrieta.com\\\/ca\\\/exposicions\\\/#primaryimage\",\"url\":\"https:\\\/\\\/santosinurrieta.com\\\/wp-content\\\/uploads\\\/2024\\\/12\\\/santos-inurrieta-web.jpg\",\"contentUrl\":\"https:\\\/\\\/santosinurrieta.com\\\/wp-content\\\/uploads\\\/2024\\\/12\\\/santos-inurrieta-web.jpg\",\"width\":511,\"height\":511},{\"@type\":\"BreadcrumbList\",\"@id\":\"https:\\\/\\\/santosinurrieta.com\\\/ca\\\/exposicions\\\/#breadcrumb\",\"itemListElement\":[{\"@type\":\"ListItem\",\"position\":1,\"name\":\"Inici\",\"item\":\"https:\\\/\\\/santosinurrieta.com\\\/ca\\\/inici\\\/\"},{\"@type\":\"ListItem\",\"position\":2,\"name\":\"Exposicions\"}]},{\"@type\":\"WebSite\",\"@id\":\"https:\\\/\\\/santosinurrieta.com\\\/ca\\\/#website\",\"url\":\"https:\\\/\\\/santosinurrieta.com\\\/ca\\\/\",\"name\":\"Santos I\u00f1urrieta\",\"description\":\"Pintura\",\"publisher\":{\"@id\":\"https:\\\/\\\/santosinurrieta.com\\\/ca\\\/#organization\"},\"potentialAction\":[{\"@type\":\"SearchAction\",\"target\":{\"@type\":\"EntryPoint\",\"urlTemplate\":\"https:\\\/\\\/santosinurrieta.com\\\/ca\\\/?s={search_term_string}\"},\"query-input\":{\"@type\":\"PropertyValueSpecification\",\"valueRequired\":true,\"valueName\":\"search_term_string\"}}],\"inLanguage\":\"ca\"},{\"@type\":\"Organization\",\"@id\":\"https:\\\/\\\/santosinurrieta.com\\\/ca\\\/#organization\",\"name\":\"Santos I\u00f1urrieta\",\"url\":\"https:\\\/\\\/santosinurrieta.com\\\/ca\\\/\",\"logo\":{\"@type\":\"ImageObject\",\"inLanguage\":\"ca\",\"@id\":\"https:\\\/\\\/santosinurrieta.com\\\/ca\\\/#\\\/schema\\\/logo\\\/image\\\/\",\"url\":\"https:\\\/\\\/santosinurrieta.com\\\/wp-content\\\/uploads\\\/2024\\\/12\\\/santos-inurrieta-web.jpg\",\"contentUrl\":\"https:\\\/\\\/santosinurrieta.com\\\/wp-content\\\/uploads\\\/2024\\\/12\\\/santos-inurrieta-web.jpg\",\"width\":511,\"height\":511,\"caption\":\"Santos I\u00f1urrieta\"},\"image\":{\"@id\":\"https:\\\/\\\/santosinurrieta.com\\\/ca\\\/#\\\/schema\\\/logo\\\/image\\\/\"},\"sameAs\":[\"https:\\\/\\\/www.instagram.com\\\/santos_inurrieta\\\/\"]}]}<\/script>\n<!-- \/ Yoast SEO plugin. -->","yoast_head_json":{"title":"SANTOS I\u00d1URRIETA - Exposicions","description":"Santos I\u00f1urrieta. Exposicions a les que va participar el pintor basc.","robots":{"index":"index","follow":"follow","max-snippet":"max-snippet:-1","max-image-preview":"max-image-preview:large","max-video-preview":"max-video-preview:-1"},"canonical":"https:\/\/santosinurrieta.com\/ca\/exposicions\/","og_locale":"ca_ES","og_type":"article","og_title":"SANTOS I\u00d1URRIETA - Exposicions","og_description":"Santos I\u00f1urrieta. Exposicions a les que va participar el pintor basc.","og_url":"https:\/\/santosinurrieta.com\/ca\/exposicions\/","og_site_name":"SANTOS I\u00d1URRIETA","article_modified_time":"2025-08-02T06:15:28+00:00","og_image":[{"width":511,"height":511,"url":"https:\/\/santosinurrieta.com\/wp-content\/uploads\/2024\/12\/santos-inurrieta-web.jpg","type":"image\/jpeg"}],"twitter_card":"summary_large_image","twitter_misc":{"Temps estimat de lectura":"4 minuts"},"schema":{"@context":"https:\/\/schema.org","@graph":[{"@type":"WebPage","@id":"https:\/\/santosinurrieta.com\/ca\/exposicions\/","url":"https:\/\/santosinurrieta.com\/ca\/exposicions\/","name":"SANTOS I\u00d1URRIETA - Exposicions","isPartOf":{"@id":"https:\/\/santosinurrieta.com\/ca\/#website"},"primaryImageOfPage":{"@id":"https:\/\/santosinurrieta.com\/ca\/exposicions\/#primaryimage"},"image":{"@id":"https:\/\/santosinurrieta.com\/ca\/exposicions\/#primaryimage"},"thumbnailUrl":"https:\/\/santosinurrieta.com\/wp-content\/uploads\/2024\/12\/santos-inurrieta-web.jpg","datePublished":"2024-12-15T15:06:16+00:00","dateModified":"2025-08-02T06:15:28+00:00","description":"Santos I\u00f1urrieta. Exposicions a les que va participar el pintor basc.","breadcrumb":{"@id":"https:\/\/santosinurrieta.com\/ca\/exposicions\/#breadcrumb"},"inLanguage":"ca","potentialAction":[{"@type":"ReadAction","target":["https:\/\/santosinurrieta.com\/ca\/exposicions\/"]}]},{"@type":"ImageObject","inLanguage":"ca","@id":"https:\/\/santosinurrieta.com\/ca\/exposicions\/#primaryimage","url":"https:\/\/santosinurrieta.com\/wp-content\/uploads\/2024\/12\/santos-inurrieta-web.jpg","contentUrl":"https:\/\/santosinurrieta.com\/wp-content\/uploads\/2024\/12\/santos-inurrieta-web.jpg","width":511,"height":511},{"@type":"BreadcrumbList","@id":"https:\/\/santosinurrieta.com\/ca\/exposicions\/#breadcrumb","itemListElement":[{"@type":"ListItem","position":1,"name":"Inici","item":"https:\/\/santosinurrieta.com\/ca\/inici\/"},{"@type":"ListItem","position":2,"name":"Exposicions"}]},{"@type":"WebSite","@id":"https:\/\/santosinurrieta.com\/ca\/#website","url":"https:\/\/santosinurrieta.com\/ca\/","name":"Santos I\u00f1urrieta","description":"Pintura","publisher":{"@id":"https:\/\/santosinurrieta.com\/ca\/#organization"},"potentialAction":[{"@type":"SearchAction","target":{"@type":"EntryPoint","urlTemplate":"https:\/\/santosinurrieta.com\/ca\/?s={search_term_string}"},"query-input":{"@type":"PropertyValueSpecification","valueRequired":true,"valueName":"search_term_string"}}],"inLanguage":"ca"},{"@type":"Organization","@id":"https:\/\/santosinurrieta.com\/ca\/#organization","name":"Santos I\u00f1urrieta","url":"https:\/\/santosinurrieta.com\/ca\/","logo":{"@type":"ImageObject","inLanguage":"ca","@id":"https:\/\/santosinurrieta.com\/ca\/#\/schema\/logo\/image\/","url":"https:\/\/santosinurrieta.com\/wp-content\/uploads\/2024\/12\/santos-inurrieta-web.jpg","contentUrl":"https:\/\/santosinurrieta.com\/wp-content\/uploads\/2024\/12\/santos-inurrieta-web.jpg","width":511,"height":511,"caption":"Santos I\u00f1urrieta"},"image":{"@id":"https:\/\/santosinurrieta.com\/ca\/#\/schema\/logo\/image\/"},"sameAs":["https:\/\/www.instagram.com\/santos_inurrieta\/"]}]}},"_links":{"self":[{"href":"https:\/\/santosinurrieta.com\/ca\/wp-json\/wp\/v2\/pages\/5029","targetHints":{"allow":["GET"]}}],"collection":[{"href":"https:\/\/santosinurrieta.com\/ca\/wp-json\/wp\/v2\/pages"}],"about":[{"href":"https:\/\/santosinurrieta.com\/ca\/wp-json\/wp\/v2\/types\/page"}],"author":[{"embeddable":true,"href":"https:\/\/santosinurrieta.com\/ca\/wp-json\/wp\/v2\/users\/1"}],"replies":[{"embeddable":true,"href":"https:\/\/santosinurrieta.com\/ca\/wp-json\/wp\/v2\/comments?post=5029"}],"version-history":[{"count":2,"href":"https:\/\/santosinurrieta.com\/ca\/wp-json\/wp\/v2\/pages\/5029\/revisions"}],"predecessor-version":[{"id":5031,"href":"https:\/\/santosinurrieta.com\/ca\/wp-json\/wp\/v2\/pages\/5029\/revisions\/5031"}],"wp:featuredmedia":[{"embeddable":true,"href":"https:\/\/santosinurrieta.com\/ca\/wp-json\/wp\/v2\/media\/5004"}],"wp:attachment":[{"href":"https:\/\/santosinurrieta.com\/ca\/wp-json\/wp\/v2\/media?parent=5029"}],"curies":[{"name":"wp","href":"https:\/\/api.w.org\/{rel}","templated":true}]}}