{"id":5011,"date":"2023-02-25T19:40:01","date_gmt":"2023-02-25T17:40:01","guid":{"rendered":"https:\/\/santosinurrieta.com\/proleg\/"},"modified":"2025-08-02T08:01:29","modified_gmt":"2025-08-02T06:01:29","slug":"proleg","status":"publish","type":"page","link":"https:\/\/santosinurrieta.com\/ca\/proleg\/","title":{"rendered":"Pr\u00f2leg"},"content":{"rendered":"<div class=\"wpb-content-wrapper\">[vc_section full_height=&#8221;yes&#8221; css=&#8221;.vc_custom_1734676672087{padding-top: 50px !important;padding-bottom: 50px !important;}&#8221; el_id=&#8221;prologo&#8221;][vc_row css=&#8221;.vc_custom_1695372865467{margin-bottom: 50px !important;}&#8221;][vc_column]<style>.vcex-image.vcex_69f1ec0e84e2c{animation-duration:2s;}.vcex-image.vcex_69f1ec0e84e2c .vcex-image-inner{max-width:400px;}<\/style><figure class=\"vcex-image vcex-module wpex-text-left  wpb_animate_when_almost_visible wpb_fadeIn fadeIn vcex_69f1ec0e84e2c\"><div class=\"vcex-image-inner wpex-relative wpex-inline-block vc_custom_1739357755259\"><img width=\"1238\" height=\"1364\" src=\"https:\/\/santosinurrieta.com\/wp-content\/uploads\/2024\/12\/santos-inurrieta-web-1.jpg\" class=\"vcex-image-img wpex-align-middle\" alt=\"\" loading=\"lazy\" decoding=\"async\" srcset=\"https:\/\/santosinurrieta.com\/wp-content\/uploads\/2024\/12\/santos-inurrieta-web-1.jpg 1238w, https:\/\/santosinurrieta.com\/wp-content\/uploads\/2024\/12\/santos-inurrieta-web-1-272x300.jpg 272w, https:\/\/santosinurrieta.com\/wp-content\/uploads\/2024\/12\/santos-inurrieta-web-1-929x1024.jpg 929w, https:\/\/santosinurrieta.com\/wp-content\/uploads\/2024\/12\/santos-inurrieta-web-1-768x846.jpg 768w\" sizes=\"auto, (max-width: 1238px) 100vw, 1238px\" \/><\/div><\/figure>[vc_column_text css=&#8221;&#8221; el_class=&#8221;titol-text&#8221;]\n<h1>Santos<\/h1>\n[\/vc_column_text][vc_column_text css=&#8221;.vc_custom_1740917665949{margin-bottom: 25px !important;}&#8221; el_class=&#8221;text&#8221;]Recordar-lo a trav\u00e9s dels seus dibuixos i quadres \u00e9s evocar escenes de la seva vida i del seu temps,<br \/>\namb una visi\u00f3 intemporal que ell pintava disfressada, per\u00f2 sense m\u00e0scares. I riure amb aix\u00f2.<\/p>\n<p>Parlava, somreia o pintava amb fiblons. Inoculant consci\u00e8ncia, criteri i l\u2019alegria esc\u00e8ptica d\u2019un infant juganer que aboca vacunes de bona r\u00e0bia, com a dissolvents de la intoler\u00e0ncia.<br \/>\nEn Santos nom\u00e9s hi havia deute amb la seva franquesa \u2014i amb la dels altres. Gestionada sense fugir de la confrontaci\u00f3 amb el desacord, inspirava el seu imaginari tan singular.  <\/p>\n<p>Un darrer rom\u00e0ntic que va viatjar pels avatars del seu temps, adonant-se que l\u2019art podia ser un aliat.<br \/>\nPer convertir el seu entorn gris en un joc de colors, en figures, elements i formes discordants. En una amalgama de vida sense jerarquies. <\/p>\n<p>La seva imaginaci\u00f3 flueix autom\u00e0tica, confiada al desvergonyiment.<br \/>Esmicola amb ironia i reconstrueix el m\u00f3n amb l\u2019autenticitat de l\u2019observador entrenat, del pintor i dibuixant infatigable.<br \/>Assumeix les seves torpeses i, amb aix\u00f2, esquiva els propis l\u00edmits, perqu\u00e8 es deixa portar i li surt sol.  <\/p>\n<p>I aix\u00ed, amb la seva aguda perspectiva de l\u2019entorn, un enfocament r\u00e0pid i el sarcasme d\u2019un rebel propositiu, dissecciona alternatives cap a una utopia poc ing\u00e8nua.<br \/>\nLa seva fantasia surrealista va construir (construeix) una mena d\u2019amabilitat d\u00edscola.<br \/>La realitat \u00e9s ara una mica m\u00e9s \u00e0mplia. <\/p>\n<p>Calen circumst\u00e0ncies extraordin\u00e0ries perqu\u00e8 sorgeixin personatges singulars, propensos a una responsabilitat de la qual no s\u00f3n gaire conscients. Ni tampoc d\u2019un carisma innat que els converteix en delegats del seu temps.<br \/>\nMitjan\u00e7ant una obra contundent, que reflecteix la personalitat de l\u2019entorn resumida en la de l\u2019autor.<br \/>\nSantos I\u00f1urrieta \u00e9s un d\u2019ells.<br \/>\nUn pintor reconcentrat i compulsiu. Quan pintar significa aquell acte primari, alliberador.  <\/p>\n<p>\u00c9s dif\u00edcil trobar un pintor que ho practiqui amb tanta llibertat, sense renegar dels seus compromisos, ni de les seves mancances ni de la seva autenticitat. Per fer-ho, cal ser molt consistent.<br \/>\nD\u2019una manera que la seva obra \u00e9s, senzillament, l\u2019empremta d\u2019un m\u00f3n millorable (imperfecte), filtrat pels \u00e0cids de l\u2019humor.[\/vc_column_text][vc_column_text css=&#8221;.vc_custom_1737571747905{margin-bottom: 50px !important;}&#8221; el_class=&#8221;text&#8221;]<em>&#8211; AFCmintxo<\/em>[\/vc_column_text][vc_column_text css=&#8221;&#8221; el_class=&#8221;text&#8221;]<strong>M\u00e9s informaci\u00f3:<\/strong><\/p>\n<p><a href=\"https:\/\/es.wikipedia.org\/wiki\/Santos_I%C3%B1urrieta_de_la_Fuente\" target=\"_blank\" rel=\"noopener\">Wikipedia<\/a>.[\/vc_column_text][\/vc_column][\/vc_row][\/vc_section]\n<\/div>","protected":false},"excerpt":{"rendered":"<p>[vc_section full_height=&#8221;yes&#8221; css=&#8221;.vc_custom_1734676672087{padding-top: 50px !important;padding-bottom: 50px !important;}&#8221; el_id=&#8221;prologo&#8221;][vc_row css=&#8221;.vc_custom_1695372865467{margin-bottom: 50px !important;}&#8221;][vc_column][vc_column_text css=&#8221;&#8221; el_class=&#8221;titol-text&#8221;] Santos [\/vc_column_text][vc_column_text css=&#8221;.vc_custom_1740917665949{margin-bottom: 25px !important;}&#8221; el_class=&#8221;text&#8221;]Recordar-lo a trav\u00e9s dels seus dibuixos i quadres \u00e9s evocar escenes de la seva vida i del seu temps, amb una visi\u00f3 intemporal que ell pintava disfressada, per\u00f2 sense m\u00e0scares. I riure amb aix\u00f2. Parlava, somreia o&hellip;<\/p>\n","protected":false},"author":1,"featured_media":5004,"parent":0,"menu_order":0,"comment_status":"closed","ping_status":"closed","template":"","meta":{"inline_featured_image":false,"footnotes":""},"class_list":["post-5011","page","type-page","status-publish","has-post-thumbnail","hentry","entry","has-media"],"yoast_head":"<!-- This site is optimized with the Yoast SEO plugin v27.4 - https:\/\/yoast.com\/product\/yoast-seo-wordpress\/ -->\n<title>Pr\u00f2leg - SANTOS I\u00d1URRIETA<\/title>\n<meta name=\"robots\" content=\"index, follow, max-snippet:-1, max-image-preview:large, max-video-preview:-1\" \/>\n<link rel=\"canonical\" href=\"https:\/\/santosinurrieta.com\/ca\/proleg\/\" \/>\n<meta property=\"og:locale\" content=\"ca_ES\" \/>\n<meta property=\"og:type\" content=\"article\" \/>\n<meta property=\"og:title\" content=\"Pr\u00f2leg - SANTOS I\u00d1URRIETA\" \/>\n<meta property=\"og:description\" content=\"[vc_section full_height=&#8221;yes&#8221; css=&#8221;.vc_custom_1734676672087{padding-top: 50px !important;padding-bottom: 50px !important;}&#8221; el_id=&#8221;prologo&#8221;][vc_row css=&#8221;.vc_custom_1695372865467{margin-bottom: 50px !important;}&#8221;][vc_column][vc_column_text css=&#8221;&#8221; el_class=&#8221;titol-text&#8221;] Santos [\/vc_column_text][vc_column_text css=&#8221;.vc_custom_1740917665949{margin-bottom: 25px !important;}&#8221; el_class=&#8221;text&#8221;]Recordar-lo a trav\u00e9s dels seus dibuixos i quadres \u00e9s evocar escenes de la seva vida i del seu temps, amb una visi\u00f3 intemporal que ell pintava disfressada, per\u00f2 sense m\u00e0scares. I riure amb aix\u00f2. Parlava, somreia o&hellip;\" \/>\n<meta property=\"og:url\" content=\"https:\/\/santosinurrieta.com\/ca\/proleg\/\" \/>\n<meta property=\"og:site_name\" content=\"SANTOS I\u00d1URRIETA\" \/>\n<meta property=\"article:modified_time\" content=\"2025-08-02T06:01:29+00:00\" \/>\n<meta property=\"og:image\" content=\"https:\/\/santosinurrieta.com\/wp-content\/uploads\/2024\/12\/santos-inurrieta-web.jpg\" \/>\n\t<meta property=\"og:image:width\" content=\"511\" \/>\n\t<meta property=\"og:image:height\" content=\"511\" \/>\n\t<meta property=\"og:image:type\" content=\"image\/jpeg\" \/>\n<meta name=\"twitter:card\" content=\"summary_large_image\" \/>\n<meta name=\"twitter:label1\" content=\"Temps estimat de lectura\" \/>\n\t<meta name=\"twitter:data1\" content=\"2 minuts\" \/>\n<script type=\"application\/ld+json\" class=\"yoast-schema-graph\">{\"@context\":\"https:\\\/\\\/schema.org\",\"@graph\":[{\"@type\":\"WebPage\",\"@id\":\"https:\\\/\\\/santosinurrieta.com\\\/ca\\\/proleg\\\/\",\"url\":\"https:\\\/\\\/santosinurrieta.com\\\/ca\\\/proleg\\\/\",\"name\":\"Pr\u00f2leg - SANTOS I\u00d1URRIETA\",\"isPartOf\":{\"@id\":\"https:\\\/\\\/santosinurrieta.com\\\/ca\\\/#website\"},\"primaryImageOfPage\":{\"@id\":\"https:\\\/\\\/santosinurrieta.com\\\/ca\\\/proleg\\\/#primaryimage\"},\"image\":{\"@id\":\"https:\\\/\\\/santosinurrieta.com\\\/ca\\\/proleg\\\/#primaryimage\"},\"thumbnailUrl\":\"https:\\\/\\\/santosinurrieta.com\\\/wp-content\\\/uploads\\\/2024\\\/12\\\/santos-inurrieta-web.jpg\",\"datePublished\":\"2023-02-25T17:40:01+00:00\",\"dateModified\":\"2025-08-02T06:01:29+00:00\",\"breadcrumb\":{\"@id\":\"https:\\\/\\\/santosinurrieta.com\\\/ca\\\/proleg\\\/#breadcrumb\"},\"inLanguage\":\"ca\",\"potentialAction\":[{\"@type\":\"ReadAction\",\"target\":[\"https:\\\/\\\/santosinurrieta.com\\\/ca\\\/proleg\\\/\"]}]},{\"@type\":\"ImageObject\",\"inLanguage\":\"ca\",\"@id\":\"https:\\\/\\\/santosinurrieta.com\\\/ca\\\/proleg\\\/#primaryimage\",\"url\":\"https:\\\/\\\/santosinurrieta.com\\\/wp-content\\\/uploads\\\/2024\\\/12\\\/santos-inurrieta-web.jpg\",\"contentUrl\":\"https:\\\/\\\/santosinurrieta.com\\\/wp-content\\\/uploads\\\/2024\\\/12\\\/santos-inurrieta-web.jpg\",\"width\":511,\"height\":511},{\"@type\":\"BreadcrumbList\",\"@id\":\"https:\\\/\\\/santosinurrieta.com\\\/ca\\\/proleg\\\/#breadcrumb\",\"itemListElement\":[{\"@type\":\"ListItem\",\"position\":1,\"name\":\"Inici\",\"item\":\"https:\\\/\\\/santosinurrieta.com\\\/ca\\\/inici\\\/\"},{\"@type\":\"ListItem\",\"position\":2,\"name\":\"Pr\u00f2leg\"}]},{\"@type\":\"WebSite\",\"@id\":\"https:\\\/\\\/santosinurrieta.com\\\/ca\\\/#website\",\"url\":\"https:\\\/\\\/santosinurrieta.com\\\/ca\\\/\",\"name\":\"Santos I\u00f1urrieta\",\"description\":\"Pintura\",\"publisher\":{\"@id\":\"https:\\\/\\\/santosinurrieta.com\\\/ca\\\/#organization\"},\"potentialAction\":[{\"@type\":\"SearchAction\",\"target\":{\"@type\":\"EntryPoint\",\"urlTemplate\":\"https:\\\/\\\/santosinurrieta.com\\\/ca\\\/?s={search_term_string}\"},\"query-input\":{\"@type\":\"PropertyValueSpecification\",\"valueRequired\":true,\"valueName\":\"search_term_string\"}}],\"inLanguage\":\"ca\"},{\"@type\":\"Organization\",\"@id\":\"https:\\\/\\\/santosinurrieta.com\\\/ca\\\/#organization\",\"name\":\"Santos I\u00f1urrieta\",\"url\":\"https:\\\/\\\/santosinurrieta.com\\\/ca\\\/\",\"logo\":{\"@type\":\"ImageObject\",\"inLanguage\":\"ca\",\"@id\":\"https:\\\/\\\/santosinurrieta.com\\\/ca\\\/#\\\/schema\\\/logo\\\/image\\\/\",\"url\":\"https:\\\/\\\/santosinurrieta.com\\\/wp-content\\\/uploads\\\/2024\\\/12\\\/santos-inurrieta-web.jpg\",\"contentUrl\":\"https:\\\/\\\/santosinurrieta.com\\\/wp-content\\\/uploads\\\/2024\\\/12\\\/santos-inurrieta-web.jpg\",\"width\":511,\"height\":511,\"caption\":\"Santos I\u00f1urrieta\"},\"image\":{\"@id\":\"https:\\\/\\\/santosinurrieta.com\\\/ca\\\/#\\\/schema\\\/logo\\\/image\\\/\"},\"sameAs\":[\"https:\\\/\\\/www.instagram.com\\\/santos_inurrieta\\\/\"]}]}<\/script>\n<!-- \/ Yoast SEO plugin. -->","yoast_head_json":{"title":"Pr\u00f2leg - SANTOS I\u00d1URRIETA","robots":{"index":"index","follow":"follow","max-snippet":"max-snippet:-1","max-image-preview":"max-image-preview:large","max-video-preview":"max-video-preview:-1"},"canonical":"https:\/\/santosinurrieta.com\/ca\/proleg\/","og_locale":"ca_ES","og_type":"article","og_title":"Pr\u00f2leg - SANTOS I\u00d1URRIETA","og_description":"[vc_section full_height=&#8221;yes&#8221; css=&#8221;.vc_custom_1734676672087{padding-top: 50px !important;padding-bottom: 50px !important;}&#8221; el_id=&#8221;prologo&#8221;][vc_row css=&#8221;.vc_custom_1695372865467{margin-bottom: 50px !important;}&#8221;][vc_column][vc_column_text css=&#8221;&#8221; el_class=&#8221;titol-text&#8221;] Santos [\/vc_column_text][vc_column_text css=&#8221;.vc_custom_1740917665949{margin-bottom: 25px !important;}&#8221; el_class=&#8221;text&#8221;]Recordar-lo a trav\u00e9s dels seus dibuixos i quadres \u00e9s evocar escenes de la seva vida i del seu temps, amb una visi\u00f3 intemporal que ell pintava disfressada, per\u00f2 sense m\u00e0scares. I riure amb aix\u00f2. Parlava, somreia o&hellip;","og_url":"https:\/\/santosinurrieta.com\/ca\/proleg\/","og_site_name":"SANTOS I\u00d1URRIETA","article_modified_time":"2025-08-02T06:01:29+00:00","og_image":[{"width":511,"height":511,"url":"https:\/\/santosinurrieta.com\/wp-content\/uploads\/2024\/12\/santos-inurrieta-web.jpg","type":"image\/jpeg"}],"twitter_card":"summary_large_image","twitter_misc":{"Temps estimat de lectura":"2 minuts"},"schema":{"@context":"https:\/\/schema.org","@graph":[{"@type":"WebPage","@id":"https:\/\/santosinurrieta.com\/ca\/proleg\/","url":"https:\/\/santosinurrieta.com\/ca\/proleg\/","name":"Pr\u00f2leg - SANTOS I\u00d1URRIETA","isPartOf":{"@id":"https:\/\/santosinurrieta.com\/ca\/#website"},"primaryImageOfPage":{"@id":"https:\/\/santosinurrieta.com\/ca\/proleg\/#primaryimage"},"image":{"@id":"https:\/\/santosinurrieta.com\/ca\/proleg\/#primaryimage"},"thumbnailUrl":"https:\/\/santosinurrieta.com\/wp-content\/uploads\/2024\/12\/santos-inurrieta-web.jpg","datePublished":"2023-02-25T17:40:01+00:00","dateModified":"2025-08-02T06:01:29+00:00","breadcrumb":{"@id":"https:\/\/santosinurrieta.com\/ca\/proleg\/#breadcrumb"},"inLanguage":"ca","potentialAction":[{"@type":"ReadAction","target":["https:\/\/santosinurrieta.com\/ca\/proleg\/"]}]},{"@type":"ImageObject","inLanguage":"ca","@id":"https:\/\/santosinurrieta.com\/ca\/proleg\/#primaryimage","url":"https:\/\/santosinurrieta.com\/wp-content\/uploads\/2024\/12\/santos-inurrieta-web.jpg","contentUrl":"https:\/\/santosinurrieta.com\/wp-content\/uploads\/2024\/12\/santos-inurrieta-web.jpg","width":511,"height":511},{"@type":"BreadcrumbList","@id":"https:\/\/santosinurrieta.com\/ca\/proleg\/#breadcrumb","itemListElement":[{"@type":"ListItem","position":1,"name":"Inici","item":"https:\/\/santosinurrieta.com\/ca\/inici\/"},{"@type":"ListItem","position":2,"name":"Pr\u00f2leg"}]},{"@type":"WebSite","@id":"https:\/\/santosinurrieta.com\/ca\/#website","url":"https:\/\/santosinurrieta.com\/ca\/","name":"Santos I\u00f1urrieta","description":"Pintura","publisher":{"@id":"https:\/\/santosinurrieta.com\/ca\/#organization"},"potentialAction":[{"@type":"SearchAction","target":{"@type":"EntryPoint","urlTemplate":"https:\/\/santosinurrieta.com\/ca\/?s={search_term_string}"},"query-input":{"@type":"PropertyValueSpecification","valueRequired":true,"valueName":"search_term_string"}}],"inLanguage":"ca"},{"@type":"Organization","@id":"https:\/\/santosinurrieta.com\/ca\/#organization","name":"Santos I\u00f1urrieta","url":"https:\/\/santosinurrieta.com\/ca\/","logo":{"@type":"ImageObject","inLanguage":"ca","@id":"https:\/\/santosinurrieta.com\/ca\/#\/schema\/logo\/image\/","url":"https:\/\/santosinurrieta.com\/wp-content\/uploads\/2024\/12\/santos-inurrieta-web.jpg","contentUrl":"https:\/\/santosinurrieta.com\/wp-content\/uploads\/2024\/12\/santos-inurrieta-web.jpg","width":511,"height":511,"caption":"Santos I\u00f1urrieta"},"image":{"@id":"https:\/\/santosinurrieta.com\/ca\/#\/schema\/logo\/image\/"},"sameAs":["https:\/\/www.instagram.com\/santos_inurrieta\/"]}]}},"_links":{"self":[{"href":"https:\/\/santosinurrieta.com\/ca\/wp-json\/wp\/v2\/pages\/5011","targetHints":{"allow":["GET"]}}],"collection":[{"href":"https:\/\/santosinurrieta.com\/ca\/wp-json\/wp\/v2\/pages"}],"about":[{"href":"https:\/\/santosinurrieta.com\/ca\/wp-json\/wp\/v2\/types\/page"}],"author":[{"embeddable":true,"href":"https:\/\/santosinurrieta.com\/ca\/wp-json\/wp\/v2\/users\/1"}],"replies":[{"embeddable":true,"href":"https:\/\/santosinurrieta.com\/ca\/wp-json\/wp\/v2\/comments?post=5011"}],"version-history":[{"count":2,"href":"https:\/\/santosinurrieta.com\/ca\/wp-json\/wp\/v2\/pages\/5011\/revisions"}],"predecessor-version":[{"id":5013,"href":"https:\/\/santosinurrieta.com\/ca\/wp-json\/wp\/v2\/pages\/5011\/revisions\/5013"}],"wp:featuredmedia":[{"embeddable":true,"href":"https:\/\/santosinurrieta.com\/ca\/wp-json\/wp\/v2\/media\/5004"}],"wp:attachment":[{"href":"https:\/\/santosinurrieta.com\/ca\/wp-json\/wp\/v2\/media?parent=5011"}],"curies":[{"name":"wp","href":"https:\/\/api.w.org\/{rel}","templated":true}]}}